{"id":3103,"date":"2024-09-12T14:04:02","date_gmt":"2024-09-12T13:04:02","guid":{"rendered":"https:\/\/agenda.frejustoulon.fr\/diaconie\/?post_type=evenement&#038;p=3103"},"modified":"2025-10-22T11:14:21","modified_gmt":"2025-10-22T10:14:21","slug":"toussaint-2025-a-toulon","status":"publish","type":"evenement","link":"https:\/\/agenda.frejustoulon.fr\/diaconie\/evenement\/toussaint-2025-a-toulon\/0\/2-11-2025\/","title":{"rendered":"Comm\u00e9moration des fid\u00e8les d\u00e9funts de l&rsquo;aire toulonnaise"},"content":{"rendered":"\r\n<h2>Toussaint et Comm\u00e9moration des fid\u00e8les d\u00e9funts les 1er et 2 novembre<\/h2>\r\n<p>&nbsp;<\/p>\r\n<p>Le 2 novembre, l&rsquo;Eglise fait m\u00e9moire des d\u00e9funts et invite les croyants en deuil \u00e0 participer aux messes de comm\u00e9moration dans les diff\u00e9rentes paroisses et sanctuaires.<\/p>\r\n<p>&nbsp;<\/p>\r\n<p>Cette f\u00eate liturgique est \u00e0 la fois une journ\u00e9e de comm\u00e9moration et une journ\u00e9e d&rsquo;intercession ; on fait m\u00e9moire des d\u00e9funts et on prie pour eux.<\/p>\r\n<p>Dans la lumi\u00e8re de la <strong>Toussaint<\/strong>, cette journ\u00e9e est pour les chr\u00e9tiens l&rsquo;occasion d&rsquo;affirmer et de vivre l&rsquo;esp\u00e9rance en la vie \u00e9ternelle donn\u00e9e par la r\u00e9surrection du Christ.<\/p>\r\n<p>C&rsquo;est bien pour signifier cela, qu&rsquo;\u00e0 l&rsquo;occasion de ces c\u00e9l\u00e9brations, un grand nombre de personnes se rendent dans les cimeti\u00e8res pour honorer leurs proches disparus et fleurir leur tombe.<\/p>\r\n<p>&nbsp;<\/p>\r\n<p><em>Des membres de la Communion Saint Lazare accueillent les familles aux cimeti\u00e8res pour leur proposer une bougie, une pri\u00e8re et accompagner ceux qui le souhaitent dans leur d\u00e9marche aupr\u00e8s de leurs d\u00e9funts.\u00a0<\/em><\/p>\r\n<p>&nbsp;<\/p>\r\n<p><strong>V\u00eapres et b\u00e9n\u00e9diction des tombes \u00e0 Toulon le 2 novembre :<\/strong><\/p>\r\n<p>&nbsp;<\/p>\r\n<ul>\r\n<li><strong>15h au cimeti\u00e8re central<\/strong><\/li>\r\n<li><strong>16h au cimeti\u00e8re ouest (Lagoubran)<\/strong><\/li>\r\n<\/ul>\r\n<p>&nbsp;<\/p>\r\n<p>&nbsp;<\/p>\r\n<p><strong>Messes de comm\u00e9moration des fid\u00e8les d\u00e9funts\u00a0<\/strong><\/p>\r\n<ul>\r\n<li><strong>A Toulon : La Communion Saint Lazare<\/strong> invite les familles qu&rsquo;elle a accompagn\u00e9es tout au long de l&rsquo;ann\u00e9e \u00e0 la c\u00e9l\u00e9bration de l&rsquo;\u00e9glise St Cyprien de Toulon : samedi 8 novembre \u00e0 11h<\/li>\r\n<li><strong>A Vidauban<\/strong> : \u00e0 l&rsquo;\u00e9glise St Jean-Baptiste de le vendredi 7 novembre \u00e0 18h<\/li>\r\n<li><strong>A St Rapha\u00ebl<\/strong> : \u00e0 la basilique Notre-Dame de la Victoire dimanche 2 novembre \u00e0 10h30<\/li>\r\n<\/ul>\r\n<p>&nbsp;<\/p>\r\n<ul>\r\n<li><strong>Le sanctuaire Notre-Dame de Consolation<\/strong> \u00e0 Hy\u00e8res propose la messe de Toussaint le 1er novembre \u00e0 18h et la messe pour les fid\u00e8les d\u00e9funts le 2 novembre \u00e0 19h.\u00a0<\/li>\r\n<\/ul>\r\n<p>&nbsp;<\/p>\r\n<ul>\r\n<li>Le<strong> sanctuaire du C\u0153ur de Marie<\/strong> \u00e0 la Seyne\/mer (Clos Bethl\u00e9em) propose la messe de Toussaint le 1er novembre \u00e0 11h et\u00a0la messe pour les fid\u00e8les d\u00e9funts le 2 novembre \u00e0 10h.\u00a0<\/li>\r\n<\/ul>\r\n<p>&nbsp;<\/p>\r\n<p>O\u00f9 trouver sa paroisse ?\u00a0\u00a0\u00a0<a href=\"https:\/\/paroisse.frejustoulon.fr\/\" target=\"_blank\" rel=\"noopener\"><u>https:\/\/paroisse.frejustoulon.fr<\/u><\/a> <img loading=\"lazy\" decoding=\"async\" title=\"2cim\" src=\"https:\/\/agenda.frejustoulon.fr\/diaconie\/wp-content\/uploads\/sites\/66\/2022\/08\/2cim.jpg\" alt=\"2cim\" width=\"1587\" height=\"2245\" \/><\/p>\r\n<p>&nbsp;<\/p>\r\n<p><img loading=\"lazy\" decoding=\"async\" class=\"wp-image-4037 size-large aligncenter\" src=\"https:\/\/agenda.frejustoulon.fr\/diaconie\/wp-content\/uploads\/sites\/66\/2024\/09\/vepres-2025-2-lieux-353x500.jpg\" alt=\"\" width=\"353\" height=\"500\" \/><\/p>\r\n","protected":false},"featured_media":3587,"template":"","meta":{"_acf_changed":false,"_seopress_robots_primary_cat":"","_seopress_titles_title":"","_seopress_titles_desc":"","_seopress_robots_index":"","inline_featured_image":false,"footnotes":""},"class_list":["post-3103","evenement","type-evenement","status-publish","has-post-thumbnail","hentry","evenement_categorie-priere","evenement_tag-benediction","evenement_tag-defunts","evenement_tag-deuil","evenement_tag-toussaint","evenement_tag-vepres"],"acf":[],"_links":{"self":[{"href":"https:\/\/agenda.frejustoulon.fr\/diaconie\/wp-json\/wp\/v2\/evenement\/3103","targetHints":{"allow":["GET"]}}],"collection":[{"href":"https:\/\/agenda.frejustoulon.fr\/diaconie\/wp-json\/wp\/v2\/evenement"}],"about":[{"href":"https:\/\/agenda.frejustoulon.fr\/diaconie\/wp-json\/wp\/v2\/types\/evenement"}],"version-history":[{"count":16,"href":"https:\/\/agenda.frejustoulon.fr\/diaconie\/wp-json\/wp\/v2\/evenement\/3103\/revisions"}],"predecessor-version":[{"id":4083,"href":"https:\/\/agenda.frejustoulon.fr\/diaconie\/wp-json\/wp\/v2\/evenement\/3103\/revisions\/4083"}],"wp:featuredmedia":[{"embeddable":true,"href":"https:\/\/agenda.frejustoulon.fr\/diaconie\/wp-json\/wp\/v2\/media\/3587"}],"wp:attachment":[{"href":"https:\/\/agenda.frejustoulon.fr\/diaconie\/wp-json\/wp\/v2\/media?parent=3103"}],"curies":[{"name":"wp","href":"https:\/\/api.w.org\/{rel}","templated":true}]}}