{"id":2890,"date":"2021-10-25T21:59:56","date_gmt":"2021-10-25T20:59:56","guid":{"rendered":"https:\/\/agenda.frejustoulon.fr\/pastofamilletvie\/?post_type=evenement&#038;p=2890"},"modified":"2022-03-14T14:59:15","modified_gmt":"2022-03-14T13:59:15","slug":"journee-provinciale-des-familles","status":"publish","type":"evenement","link":"https:\/\/agenda.frejustoulon.fr\/pastofamilletvie\/evenement\/journee-provinciale-des-familles\/0\/25-6-2022\/","title":{"rendered":"X\u00e8me Rencontre mondiale des Familles &#8211; Cotignac"},"content":{"rendered":"\n\n\t\t\t\t<img loading=\"lazy\" decoding=\"async\" src=\"https:\/\/agenda.frejustoulon.fr\/pastofamilletvie\/wp-content\/uploads\/sites\/12\/2021\/10\/phooto.png\" alt=\"phooto\" itemprop=\"image\" height=\"166\" width=\"304\" title=\"phooto\" onerror=\"this.style.display='none'\"  \/>\n\t<p>En suivant l&rsquo;appel du pape Fran\u00e7ois, la Xe Rencontre Mondiale des Familles aura cette ann\u00e9e lieu en provinces.<\/p>\n<p>Le 25 juin 2022, <strong>nous vous donnons donc rendez-vous au Sanctuaire de Cotignac<\/strong> pour une journ\u00e9e en familles en pr\u00e9sence des \u00e9v\u00eaques de Corse et de Provence.<\/p>\n\t\t\t<a href=\"http:\/\/www.jmfprovence.fr\" target=\"_self\" role=\"button\" rel=\"noopener\">\n\t\t\t\t\t\t\tCliquez ici pour vous inscrire\n\t\t\t\t\t<\/a>\n\t<iframe loading=\"lazy\" title=\"25 juin 2022 - Journ\u00e9e mondiale des familles \u00e0 Cotignac\" width=\"500\" height=\"281\" src=\"https:\/\/www.youtube.com\/embed\/kaw2MNw746M?feature=oembed\" frameborder=\"0\" allow=\"accelerometer; autoplay; clipboard-write; encrypted-media; gyroscope; picture-in-picture\" allowfullscreen><\/iframe>\n\t\t\t\t<img loading=\"lazy\" decoding=\"async\" src=\"https:\/\/agenda.frejustoulon.fr\/pastofamilletvie\/wp-content\/uploads\/sites\/12\/2021\/10\/rmf2022-flyer-recto-jpg.jpg\" alt=\"RMF2022_Flyer_recto_JPG\" itemprop=\"image\" height=\"2000\" width=\"1414\" title=\"RMF2022_Flyer_recto_JPG\" onerror=\"this.style.display='none'\"  \/>\n\t\t\t\t<img loading=\"lazy\" decoding=\"async\" src=\"https:\/\/agenda.frejustoulon.fr\/pastofamilletvie\/wp-content\/uploads\/sites\/12\/2021\/10\/rmf2022-flyer-verso-jpg.jpg\" alt=\"RMF2022_Flyer_verso_JPG\" itemprop=\"image\" height=\"2000\" width=\"1414\" title=\"RMF2022_Flyer_verso_JPG\" onerror=\"this.style.display='none'\"  \/>\n\n","protected":false},"featured_media":2882,"template":"","meta":{"_acf_changed":false,"_seopress_robots_primary_cat":"","_seopress_titles_title":"","_seopress_titles_desc":"","_seopress_robots_index":"","inline_featured_image":false,"footnotes":""},"class_list":["post-2890","evenement","type-evenement","status-publish","has-post-thumbnail","hentry","evenement_categorie-celebration","evenement_categorie-pelerinage","evenement_categorie-rencontre","evenement_tag-amoris-laetitia","evenement_tag-xeme-rencontre-mondiale-des-familles"],"acf":[],"_links":{"self":[{"href":"https:\/\/agenda.frejustoulon.fr\/pastofamilletvie\/wp-json\/wp\/v2\/evenement\/2890","targetHints":{"allow":["GET"]}}],"collection":[{"href":"https:\/\/agenda.frejustoulon.fr\/pastofamilletvie\/wp-json\/wp\/v2\/evenement"}],"about":[{"href":"https:\/\/agenda.frejustoulon.fr\/pastofamilletvie\/wp-json\/wp\/v2\/types\/evenement"}],"version-history":[{"count":0,"href":"https:\/\/agenda.frejustoulon.fr\/pastofamilletvie\/wp-json\/wp\/v2\/evenement\/2890\/revisions"}],"wp:featuredmedia":[{"embeddable":true,"href":"https:\/\/agenda.frejustoulon.fr\/pastofamilletvie\/wp-json\/wp\/v2\/media\/2882"}],"wp:attachment":[{"href":"https:\/\/agenda.frejustoulon.fr\/pastofamilletvie\/wp-json\/wp\/v2\/media?parent=2890"}],"curies":[{"name":"wp","href":"https:\/\/api.w.org\/{rel}","templated":true}]}}