{"id":2161,"date":"2019-10-23T14:00:23","date_gmt":"2019-10-23T13:00:23","guid":{"rendered":"https:\/\/agenda.frejustoulon.fr\/saintebaume\/evenement\/noel-provencal-copy\/"},"modified":"2022-11-30T11:23:25","modified_gmt":"2022-11-30T10:23:25","slug":"noel-provencal","status":"publish","type":"evenement","link":"https:\/\/agenda.frejustoulon.fr\/saintebaume\/evenement\/noel-provencal\/0\/21-12-2022\/","title":{"rendered":"No\u00ebl proven\u00e7al"},"content":{"rendered":"\n\n\t\t\t\t<img loading=\"lazy\" decoding=\"async\" src=\"https:\/\/agenda.frejustoulon.fr\/saintebaume\/wp-content\/uploads\/sites\/51\/2019\/10\/270100478-3046499905615743-918455194949730167-n.jpg\" alt=\"270100478_3046499905615743_918455194949730167_n\" height=\"1365\" width=\"2048\" title=\"270100478_3046499905615743_918455194949730167_n\" \/>\n\t<p><em>Les fr\u00e8res Dominicains proposent une retraite de 4 jours du 21 au 25 d\u00e9cembre pour se pr\u00e9parer \u00e0 No\u00ebl.<\/em><\/p>\n\t<h3>Programme de la retraite<\/h3>\n<p>Plusieurs enseignements seront donn\u00e9s par les fr\u00e8res dominicains.<\/p>\nMercredi 21 d\u00e9cembre :<br \/>\n17h : Accueil<br \/>\n21h30 : Pr\u00e9sentation de la retraite\nJeudi 22 d\u00e9cembre :<br \/>\n9h30 : Enseignement<br \/>\n16h30 : Enseignement\nVendredi 23 d\u00e9cembre :<br \/>\n9h30 : Enseignement<br \/>\n16h30 : Enseignement<br \/>\n21h : Complies suivi d&rsquo;une veill\u00e9e de r\u00e9conciliation.\nSamedi 24 d\u00e9cembre :<br \/>\n9h30 : Conf\u00e9rence<br \/>\n15h : Conf\u00e9rence<br \/>\n16h-17h : Confession\n<p>L&rsquo;ensemble du programme a \u00e9t\u00e9 pens\u00e9 de fa\u00e7on \u00e0 pouvoir assister \u00e0 l&rsquo;ensemble des offices<\/p>\n\t<h3>Offices principaux<\/h3>\n<strong>Vendredi 24 d\u00e9cembre :<\/strong><br \/>\nProcession aux flambeaux et messe de minuit \u00e0 la Grotte (Rendez-vous 22h ; d\u00e9part 22h30)\n<strong>Samedi 25 d\u00e9cembre :<\/strong><br \/>\n8h : Messe de l&rsquo;aurore au Saint Pilon<br \/>\n11h : Messe du jour \u00e0 la Grotte<br \/>\n11h45 : Messe du jour \u00e0 l&rsquo;Hostellerie\n\t<h3>Quelques d\u00e9tails &#8230;<\/h3>\n<strong>Pr\u00e9dicateurs :<\/strong> Les fr\u00e8res dominicains de la Sainte-Baume<br \/>\n<strong>Th\u00e8me :<\/strong> Le fils premier n\u00e9<br \/>\n<strong>Tarifs :<\/strong> Logement et restauration \u00e0 l&rsquo;Hostellerie de la Sainte-Baume.<br \/>\nParticipation libre pour les pr\u00e9dicateurs.\n\t\t\t<a href=\"http:\/\/www.saintebaume.org\/events\/noel-provencal-2\/\" target=\"_blank\" role=\"button\" rel=\"noopener\">\n\t\t\t\t\t\t+ d&rsquo;info\n\t\t\t\t\t<\/a>\n\t\t\t<a href=\"http:\/\/www.saintebaume.org\/hostellerie\/reservation-individuelle\/\" target=\"_blank\" role=\"button\" rel=\"noopener\">\n\t\t\t\t\t\tS&rsquo;inscrire en ligne\n\t\t\t\t\t<\/a>\n\n","protected":false},"featured_media":2046,"template":"","meta":{"_acf_changed":false,"_seopress_robots_primary_cat":"","_seopress_titles_title":"","_seopress_titles_desc":"","_seopress_robots_index":"","inline_featured_image":false,"footnotes":""},"class_list":["post-2161","evenement","type-evenement","status-publish","has-post-thumbnail","hentry","evenement_categorie-celebration","evenement_tag-noel","evenement_tag-provence","evenement_tag-retraite"],"acf":[],"_links":{"self":[{"href":"https:\/\/agenda.frejustoulon.fr\/saintebaume\/wp-json\/wp\/v2\/evenement\/2161","targetHints":{"allow":["GET"]}}],"collection":[{"href":"https:\/\/agenda.frejustoulon.fr\/saintebaume\/wp-json\/wp\/v2\/evenement"}],"about":[{"href":"https:\/\/agenda.frejustoulon.fr\/saintebaume\/wp-json\/wp\/v2\/types\/evenement"}],"version-history":[{"count":4,"href":"https:\/\/agenda.frejustoulon.fr\/saintebaume\/wp-json\/wp\/v2\/evenement\/2161\/revisions"}],"predecessor-version":[{"id":2400,"href":"https:\/\/agenda.frejustoulon.fr\/saintebaume\/wp-json\/wp\/v2\/evenement\/2161\/revisions\/2400"}],"wp:featuredmedia":[{"embeddable":true,"href":"https:\/\/agenda.frejustoulon.fr\/saintebaume\/wp-json\/wp\/v2\/media\/2046"}],"wp:attachment":[{"href":"https:\/\/agenda.frejustoulon.fr\/saintebaume\/wp-json\/wp\/v2\/media?parent=2161"}],"curies":[{"name":"wp","href":"https:\/\/api.w.org\/{rel}","templated":true}]}}